{"id":846,"date":"2024-02-10T23:06:25","date_gmt":"2024-02-10T22:06:25","guid":{"rendered":"https:\/\/nicolasduclos.fr\/WordPress3\/?post_type=tribe_events&#038;p=846"},"modified":"2024-02-10T23:28:18","modified_gmt":"2024-02-10T22:28:18","slug":"nicolas-duclos-invite-de-theo-armen-dans-son-spectacle-une-nuit","status":"publish","type":"tribe_events","link":"https:\/\/nicolasduclos.fr\/WordPress3\/event\/nicolas-duclos-invite-de-theo-armen-dans-son-spectacle-une-nuit\/","title":{"rendered":"Nicolas Duclos invit\u00e9 de Th\u00e9o Armen dans son spectacle \u00ab\u00a0Une nuit\u00a0\u00bb"},"content":{"rendered":"<p>Th\u00e9o Armen se tient, lucide et solidaire, sur la marge \u00e9troite qui fait face aux effondrements du vieux monde. Il y d\u00e9ploie l\u2019audace de textes po\u00e9tiques, de m\u00e9lodies sobres, subtiles, l\u2019incandescence frontale de sa pr\u00e9sence et le d\u00e9pouillement de sa voix enla\u00e7ant le grain des \u00eatres. La profondeur est au principe de son travail. C\u2019est une intelligence sensible scrutant l\u2019\u00e2me du monde, une joie turbulente qui ne renie rien \u00e0 la m\u00e9lancolie, ni \u00e0 l\u2019envo\u00fbtement des myst\u00e8res qu\u2019il c\u00f4toie la nuit.<\/p>\n<p>Pour cette 2\u00e8me date de sa r\u00e9sidence mensuelle de Th\u00e9o Armen au Sc\u00e9nobar, il sera accompagn\u00e9 sur sc\u00e8ne, par la <strong>bassiste et guitariste<\/strong><a href=\"https:\/\/dwywal.clicks.mlsend.com\/tf\/cl\/eyJ2Ijoie1wiYVwiOjI0MTQ2MixcImxcIjoxMTI0MTQwNzIwMTQ2MzY0OTEsXCJyXCI6MTEyNDE0MDc0NjY0Mzg4MDg2fSIsInMiOiI5N2E4MTU2NmZkN2JiOGRjIn0\" target=\"_blank\" rel=\"noopener\" data-saferedirecturl=\"https:\/\/www.google.com\/url?q=https:\/\/dwywal.clicks.mlsend.com\/tf\/cl\/eyJ2Ijoie1wiYVwiOjI0MTQ2MixcImxcIjoxMTI0MTQwNzIwMTQ2MzY0OTEsXCJyXCI6MTEyNDE0MDc0NjY0Mzg4MDg2fSIsInMiOiI5N2E4MTU2NmZkN2JiOGRjIn0&amp;source=gmail&amp;ust=1707684587021000&amp;usg=AOvVaw02wLA1BE-BN_-_8khLj3IB\">Alix L\u00f6ffler<\/a> !<br \/>\nAinsi que par\u00a0<strong>deux invit\u00e9s<\/strong>\u00a0:\u00a0<a href=\"https:\/\/dwywal.clicks.mlsend.com\/tf\/cl\/eyJ2Ijoie1wiYVwiOjI0MTQ2MixcImxcIjoxMTI0MTQwNzIwMjMwMjUxMDUsXCJyXCI6MTEyNDE0MDc0NjY0Mzg4MDg2fSIsInMiOiI1ZjIyYTk1NjY4NjY5OTE2In0\" target=\"_blank\" rel=\"noopener\" data-saferedirecturl=\"https:\/\/www.google.com\/url?q=https:\/\/dwywal.clicks.mlsend.com\/tf\/cl\/eyJ2Ijoie1wiYVwiOjI0MTQ2MixcImxcIjoxMTI0MTQwNzIwMjMwMjUxMDUsXCJyXCI6MTEyNDE0MDc0NjY0Mzg4MDg2fSIsInMiOiI1ZjIyYTk1NjY4NjY5OTE2In0&amp;source=gmail&amp;ust=1707684587021000&amp;usg=AOvVaw1t3NfLt9gdXEvMua9SRKfB\">Julie Nemer<\/a>\u00a0et\u00a0<a href=\"https:\/\/dwywal.clicks.mlsend.com\/tf\/cl\/eyJ2Ijoie1wiYVwiOjI0MTQ2MixcImxcIjoxMTI0MTQwNzIwMjkzMTY1NjYsXCJyXCI6MTEyNDE0MDc0NjY0Mzg4MDg2fSIsInMiOiIwOTUyZjU5MzUwNGY2YWM3In0\" target=\"_blank\" rel=\"noopener\" data-saferedirecturl=\"https:\/\/www.google.com\/url?q=https:\/\/dwywal.clicks.mlsend.com\/tf\/cl\/eyJ2Ijoie1wiYVwiOjI0MTQ2MixcImxcIjoxMTI0MTQwNzIwMjkzMTY1NjYsXCJyXCI6MTEyNDE0MDc0NjY0Mzg4MDg2fSIsInMiOiIwOTUyZjU5MzUwNGY2YWM3In0&amp;source=gmail&amp;ust=1707684587021000&amp;usg=AOvVaw3PIjsDwZ_c1zs69j-94bOV\">Nicolas Duclos<\/a> pour quelques surprises&#8230;<\/p>\n<p>Extrait pour d\u00e9couvrir Th\u00e9o Armen :\u00a0<a href=\"https:\/\/youtu.be\/NqFTPUc4kWk?si=Fv8TcTFvqvXA9zUU\">https:\/\/youtu.be\/NqFTPUc4kWk?si=Fv8TcTFvqvXA9zUU<\/a><\/p>\n<p>Extrait pour d\u00e9couvrir la mezzo soprano Julie Nemer : <a href=\"https:\/\/youtu.be\/3MoTTD7bkEQ?si=hboXgL4xyqIQsl-c\">https:\/\/youtu.be\/3MoTTD7bkEQ?si=hboXgL4xyqIQsl-c<\/a><\/p>\n<p>Participation libre (montant sugg\u00e9r\u00e9 : 10\u20ac)<\/p>\n<p>&nbsp;<\/p>\n","protected":false},"excerpt":{"rendered":"<p>Th\u00e9o Armen se tient, lucide et solidaire, sur la marge \u00e9troite qui fait face aux effondrements du vieux monde. Il y d\u00e9ploie l\u2019audace de textes po\u00e9tiques, de m\u00e9lodies sobres, subtiles, [&hellip;]<\/p>\n","protected":false},"author":1,"featured_media":0,"comment_status":"closed","ping_status":"closed","template":"","meta":{"_EventAllDay":false,"_EventTimezone":"Europe\/Paris","_EventStartDate":"2024-02-29 08:30:00","_EventEndDate":"2024-02-29 22:30:00","_EventStartDateUTC":"2024-02-29 07:30:00","_EventEndDateUTC":"2024-02-29 21:30:00","_EventShowMap":true,"_EventShowMapLink":true,"_EventURL":"","_EventCost":"","_EventCostDescription":"","_EventCurrencySymbol":"","_EventCurrencyCode":"","_EventCurrencyPosition":"prefix","_EventDateTimeSeparator":"","_EventTimeRangeSeparator":"","_EventOrganizerID":[],"_EventVenueID":[620],"_OrganizerEmail":"","_OrganizerPhone":"","_OrganizerWebsite":"","_VenueAddress":"","_VenueCity":"","_VenueCountry":"","_VenueProvince":"","_VenueState":"","_VenueZip":"","_VenuePhone":"","_VenueURL":"","_VenueStateProvince":"","_VenueLat":"","_VenueLng":"","_VenueShowMap":false,"_VenueShowMapLink":false,"_tribe_events_status":"","_tribe_events_status_reason":"","footnotes":""},"tags":[],"tribe_events_cat":[],"class_list":["post-846","tribe_events","type-tribe_events","status-publish","hentry"],"_links":{"self":[{"href":"https:\/\/nicolasduclos.fr\/WordPress3\/wp-json\/wp\/v2\/tribe_events\/846","targetHints":{"allow":["GET"]}}],"collection":[{"href":"https:\/\/nicolasduclos.fr\/WordPress3\/wp-json\/wp\/v2\/tribe_events"}],"about":[{"href":"https:\/\/nicolasduclos.fr\/WordPress3\/wp-json\/wp\/v2\/types\/tribe_events"}],"author":[{"embeddable":true,"href":"https:\/\/nicolasduclos.fr\/WordPress3\/wp-json\/wp\/v2\/users\/1"}],"replies":[{"embeddable":true,"href":"https:\/\/nicolasduclos.fr\/WordPress3\/wp-json\/wp\/v2\/comments?post=846"}],"version-history":[{"count":1,"href":"https:\/\/nicolasduclos.fr\/WordPress3\/wp-json\/wp\/v2\/tribe_events\/846\/revisions"}],"predecessor-version":[{"id":847,"href":"https:\/\/nicolasduclos.fr\/WordPress3\/wp-json\/wp\/v2\/tribe_events\/846\/revisions\/847"}],"wp:attachment":[{"href":"https:\/\/nicolasduclos.fr\/WordPress3\/wp-json\/wp\/v2\/media?parent=846"}],"wp:term":[{"taxonomy":"post_tag","embeddable":true,"href":"https:\/\/nicolasduclos.fr\/WordPress3\/wp-json\/wp\/v2\/tags?post=846"},{"taxonomy":"tribe_events_cat","embeddable":true,"href":"https:\/\/nicolasduclos.fr\/WordPress3\/wp-json\/wp\/v2\/tribe_events_cat?post=846"}],"curies":[{"name":"wp","href":"https:\/\/api.w.org\/{rel}","templated":true}]}}