{"id":746,"date":"2024-01-02T19:53:25","date_gmt":"2024-01-02T18:53:25","guid":{"rendered":"https:\/\/nicolasduclos.fr\/?page_id=746"},"modified":"2024-01-12T01:18:44","modified_gmt":"2024-01-12T00:18:44","slug":"avis","status":"publish","type":"page","link":"https:\/\/nicolasduclos.fr\/WordPress3\/avis\/","title":{"rendered":"Avis"},"content":{"rendered":"\n<div class=\"wp-block-columns is-layout-flex wp-container-core-columns-is-layout-28f84493 wp-block-columns-is-layout-flex\">\n<div class=\"wp-block-column is-layout-flow wp-block-column-is-layout-flow\" style=\"flex-basis:100%\">\n<p><\/p>\n\n\n\n<div class=\"wp-block-group alignfull has-base-2-background-color has-background has-global-padding is-layout-constrained wp-container-core-group-is-layout-dd610511 wp-block-group-is-layout-constrained\" style=\"margin-top:0;margin-bottom:0;padding-top:var(--wp--preset--spacing--50);padding-right:var(--wp--preset--spacing--10);padding-bottom:var(--wp--preset--spacing--50);padding-left:var(--wp--preset--spacing--10)\">\n<div class=\"wp-block-group has-global-padding is-layout-constrained wp-container-core-group-is-layout-e555385e wp-block-group-is-layout-constrained\">\n<div class=\"wp-block-cover wp-duotone-duotone-1\" style=\"min-height:99px;aspect-ratio:unset;\"><span aria-hidden=\"true\" class=\"wp-block-cover__background has-background-dim\"><\/span><img loading=\"lazy\" decoding=\"async\" width=\"2560\" height=\"1920\" class=\"wp-block-cover__image-background wp-image-732\" alt=\"\" src=\"https:\/\/nicolasduclos.fr\/WordPress3\/wp-content\/uploads\/2023\/12\/OI000189-scaled.jpg\" style=\"object-position:38% 58%\" data-object-fit=\"cover\" data-object-position=\"38% 58%\" srcset=\"https:\/\/nicolasduclos.fr\/WordPress3\/wp-content\/uploads\/2023\/12\/OI000189-scaled.jpg 2560w, https:\/\/nicolasduclos.fr\/WordPress3\/wp-content\/uploads\/2023\/12\/OI000189-300x225.jpg 300w, https:\/\/nicolasduclos.fr\/WordPress3\/wp-content\/uploads\/2023\/12\/OI000189-1024x768.jpg 1024w, https:\/\/nicolasduclos.fr\/WordPress3\/wp-content\/uploads\/2023\/12\/OI000189-768x576.jpg 768w, https:\/\/nicolasduclos.fr\/WordPress3\/wp-content\/uploads\/2023\/12\/OI000189-1536x1152.jpg 1536w, https:\/\/nicolasduclos.fr\/WordPress3\/wp-content\/uploads\/2023\/12\/OI000189-2048x1536.jpg 2048w\" sizes=\"auto, (max-width: 2560px) 100vw, 2560px\" \/><div class=\"wp-block-cover__inner-container has-global-padding is-layout-constrained wp-block-cover-is-layout-constrained\">\n<p class=\"has-text-align-center has-large-font-size\">A propos d&rsquo;Anne tu es l\u00e0 (chansons d&rsquo;Anne Sylvestre)<\/p>\n<\/div><\/div>\n\n\n\n<div class=\"wp-block-group has-global-padding is-layout-constrained wp-block-group-is-layout-constrained\">\n<div class=\"wp-block-group has-global-padding is-layout-constrained wp-block-group-is-layout-constrained\">\n<div style=\"height:18px\" aria-hidden=\"true\" class=\"wp-block-spacer\"><\/div>\n\n\n\n<div class=\"wp-block-group has-global-padding is-layout-constrained wp-block-group-is-layout-constrained\">\n<h4 class=\"wp-block-heading has-text-align-center is-style-asterisk\">V\u00e9ronique Pestel (chanteuse, paroli\u00e8re et compositrice)<\/h4>\n\n\n\n<p class=\"has-text-align-center\">Ouh tu m\u2019as donn\u00e9 le frisson avec ton g\u00e9ranium ! et je ne suis pas facile \u00e0 \u00e9mouvoir, contrairement \u00e0 ce qu\u2019on pourrait penser&#8230;<\/p>\n\n\n\n<p><\/p>\n<\/div>\n<\/div>\n\n\n\n<div class=\"wp-block-group has-global-padding is-layout-constrained wp-block-group-is-layout-constrained\">\n<div style=\"height:18px\" aria-hidden=\"true\" class=\"wp-block-spacer\"><\/div>\n\n\n\n<div class=\"wp-block-group has-global-padding is-layout-constrained wp-block-group-is-layout-constrained\">\n<h4 class=\"wp-block-heading has-text-align-center is-style-asterisk\">Nathalie Solence(autrice, compositrice, interpr\u00e8te et chanteuse)<\/h4>\n\n\n\n<p class=\"has-text-align-center\">Nathalie Solence : Je voulais te dire un petit mot hier. Tu as \u00e9mu tout le monde et tous t&rsquo;ont trouv\u00e9 formidable\u2026 C&rsquo;est s\u00fbr que tu dois \u00eatre sur un petit nuage\u2026 Je voulais te dire qu&rsquo;elles te vont vraiment tr\u00e8s bien ces chansons d&rsquo;Anne comme si tu en \u00e9tais l&rsquo;auteur\u2026 Bravo ! Et nous \u00e9tions tr\u00e8s heureux d&rsquo;\u00eatre venus avec Claude, pour toi et pour nous, c&rsquo;est un r\u00e9gal ! Bises ! Nathalie<\/p>\n\n\n\n<p><\/p>\n<\/div>\n<\/div>\n\n\n\n<div style=\"height:18px\" aria-hidden=\"true\" class=\"wp-block-spacer\"><\/div>\n<\/div>\n\n\n\n<div class=\"wp-block-group has-global-padding is-layout-constrained wp-block-group-is-layout-constrained\">\n<div class=\"wp-block-group has-global-padding is-layout-constrained wp-block-group-is-layout-constrained\">\n<div style=\"height:18px\" aria-hidden=\"true\" class=\"wp-block-spacer\"><\/div>\n\n\n\n<div class=\"wp-block-group has-global-padding is-layout-constrained wp-block-group-is-layout-constrained\">\n<h4 class=\"wp-block-heading has-text-align-center is-style-asterisk\">Marianne Masson (chanteuse)<\/h4>\n\n\n\n<p class=\"has-text-align-center\">C \u00e9tait si beau si fort si vivant si vibrant ! Bravo \u00e0 toi Nicolas et merci du fond du c\u0153ur !<\/p>\n<\/div>\n<\/div>\n\n\n\n<div class=\"wp-block-group has-global-padding is-layout-constrained wp-block-group-is-layout-constrained\">\n<div style=\"height:18px\" aria-hidden=\"true\" class=\"wp-block-spacer\"><\/div>\n\n\n\n<h4 class=\"wp-block-heading has-text-align-center is-style-asterisk\">Andrea Goust (chanteuse)<\/h4>\n\n\n\n<div class=\"wp-block-group has-global-padding is-layout-constrained wp-block-group-is-layout-constrained\">\n<p class=\"has-text-align-center\">Ton concert \u00e9tait superbe ! BRAVOSSS. Je dois t\u2019avouer que je ne connaissais que 3 ou 4 chansons d\u2019Anne Sylvestre et je salue ton art d\u2019articuler puisque je les ai toutes comprises et admir\u00e9es. Ta voix est aussi solide que celle d\u2019un chanteur lyrique et ton enthousiasme est fascinant. Belle flamme ! Jolies aussi tes pr\u00e9sentations et touchant ton naturel. C\u2019\u00e9tait vraiment tr\u00e8s bien.<\/p>\n<\/div>\n<\/div>\n\n\n\n<div class=\"wp-block-group has-global-padding is-layout-constrained wp-block-group-is-layout-constrained\">\n<div style=\"height:18px\" aria-hidden=\"true\" class=\"wp-block-spacer\"><\/div>\n\n\n\n<h4 class=\"wp-block-heading has-text-align-center is-style-asterisk\">Eve Joue (spectatrice)<\/h4>\n\n\n\n<div class=\"wp-block-group has-global-padding is-layout-constrained wp-block-group-is-layout-constrained\">\n<p class=\"has-text-align-center\">Moi, je n&rsquo;oublierai pas le concert de Nicolas, donn\u00e9 hier au Forum L\u00e9o Ferr\u00e9 d&rsquo;Ivry. Rares sont les moments d&rsquo;\u00e9motion comme ceux-l\u00e0. Merveilleuse Interpr\u00e9tation qui vous \u00e9meut, vous \u00e9blouit, vous prend le coeur. Je suis s\u00fbre que \u00e7a a fait plaisir au moulin d&rsquo;Ivry\u2026 et \u00e0 Anne Sylvestre ! Merci Nicolas, et bravo ! Tu sais, il \u00e9tait bouleversant ton concert ! j&rsquo;ai senti et vu ton \u00e9motion, j&rsquo;avais peur que tu craques. A c\u00f4t\u00e9 de moi le monsieur a \u00e9t\u00e9 oblig\u00e9 de se moucher, il connaissait bien les textes\u2026 et puis moi j&rsquo;ai arr\u00eat\u00e9 \u00e0 temps quelques larmes\u2026<\/p>\n<\/div>\n<\/div>\n\n\n\n<div class=\"wp-block-group has-global-padding is-layout-constrained wp-block-group-is-layout-constrained\">\n<div style=\"height:18px\" aria-hidden=\"true\" class=\"wp-block-spacer\"><\/div>\n\n\n\n<h4 class=\"wp-block-heading has-text-align-center is-style-asterisk\">Martine (spectatrice)<\/h4>\n\n\n\n<div class=\"wp-block-group has-global-padding is-layout-constrained wp-block-group-is-layout-constrained\">\n<p class=\"has-text-align-center\">Quels progr\u00e8s Nicolas et quelle \u00e9motion ! Tu fais honneur \u00e0 Anne qui t&rsquo;aimait bien&#8230; On la retrouve dans ton interpr\u00e9tation. Ca bouleverse !<\/p>\n<\/div>\n<\/div>\n\n\n\n<div class=\"wp-block-group has-global-padding is-layout-constrained wp-block-group-is-layout-constrained\">\n<div style=\"height:18px\" aria-hidden=\"true\" class=\"wp-block-spacer\"><\/div>\n\n\n\n<h4 class=\"wp-block-heading has-text-align-center is-style-asterisk\">Ed (spectatrice)<\/h4>\n\n\n\n<div class=\"wp-block-group has-global-padding is-layout-constrained wp-block-group-is-layout-constrained\">\n<p class=\"has-text-align-center\">Merci encore pour ce concert hier soir. C\u2019\u00e9tait g\u00e9nial d\u2019\u00e9couter Anne par ta voix et ton ressenti. J\u2019ai ador\u00e9. Merci encore<\/p>\n<\/div>\n<\/div>\n\n\n\n<div class=\"wp-block-group has-global-padding is-layout-constrained wp-block-group-is-layout-constrained\">\n<div style=\"height:18px\" aria-hidden=\"true\" class=\"wp-block-spacer\"><\/div>\n\n\n\n<h4 class=\"wp-block-heading has-text-align-center is-style-asterisk\">Bernard Carr\u00e9 (photographe et ancien animateur d&rsquo;une \u00e9mission sur la chanson sur Radio Libertaire)<\/h4>\n\n\n\n<div class=\"wp-block-group has-global-padding is-layout-constrained wp-block-group-is-layout-constrained\">\n<p class=\"has-text-align-center\">Super spectacle beau et \u00e9mouvant. Le choix des chansons est excellent. On ne voit pas le temps passer. Merci encore pour cette tr\u00e8s belle soir\u00e9e, je n&rsquo;ai jamais vu le forum aussi plein.<\/p>\n<\/div>\n<\/div>\n\n\n\n<div class=\"wp-block-group has-global-padding is-layout-constrained wp-block-group-is-layout-constrained\">\n<div style=\"height:18px\" aria-hidden=\"true\" class=\"wp-block-spacer\"><\/div>\n\n\n\n<div class=\"wp-block-group has-global-padding is-layout-constrained wp-block-group-is-layout-constrained\">\n<h4 class=\"wp-block-heading has-text-align-center is-style-asterisk\">Wei-Ying Thang (spectatrice)<\/h4>\n\n\n\n<p class=\"has-text-align-center\">Merci et bravo Nicolas pour ce beau concert. J\u2019ai pass\u00e9 un tr\u00e8s bon moment, plein d\u2019\u00e9motions. Comme \u00e0 chaque fois Symphonie Alpestre me va droit au c\u0153ur. Tu m\u2019as fait aimer les chansons d\u2019Anne Sylvestre, moi qui en \u00e9tait rest\u00e9e aux Fabulettes .. merci !<\/p>\n<\/div>\n<\/div>\n\n\n\n<div class=\"wp-block-group has-global-padding is-layout-constrained wp-block-group-is-layout-constrained\">\n<div style=\"height:18px\" aria-hidden=\"true\" class=\"wp-block-spacer\"><\/div>\n\n\n\n<div class=\"wp-block-group has-global-padding is-layout-constrained wp-block-group-is-layout-constrained\">\n<h4 class=\"wp-block-heading has-text-align-center is-style-asterisk\">St\u00e9phane Menozzi (spectateur)<\/h4>\n\n\n\n<p class=\"has-text-align-center\">C&rsquo;\u00e9tait g\u00e9nial !Je ne connaissais pas Anne Sylvestre, mais les chansons que tu as choisies m&rsquo;ont permis de comprendre ses th\u00e8mes favoris et ses combats. Ton jeu au piano a beaucoup \u00e9volu\u00e9 je trouve, et ton interpr\u00e9tation a envoy\u00e9 l&rsquo;\u00e9motion adapt\u00e9e \u00e0 chaque chanson. C&rsquo;\u00e9tait super. Bravo !<\/p>\n<\/div>\n<\/div>\n\n\n\n<div class=\"wp-block-group has-global-padding is-layout-constrained wp-block-group-is-layout-constrained\">\n<div style=\"height:18px\" aria-hidden=\"true\" class=\"wp-block-spacer\"><\/div>\n<\/div>\n\n\n\n<div style=\"height:18px\" aria-hidden=\"true\" class=\"wp-block-spacer\"><\/div>\n<\/div>\n\n\n\n<div class=\"wp-block-group has-global-padding is-layout-constrained wp-block-group-is-layout-constrained\">\n<div style=\"height:18px\" aria-hidden=\"true\" class=\"wp-block-spacer\"><\/div>\n<\/div>\n<\/div>\n<\/div>\n<\/div>\n\n\n\n<div class=\"wp-block-column is-layout-flow wp-block-column-is-layout-flow\" style=\"flex-basis:100%\">\n<p><\/p>\n\n\n\n<div class=\"wp-block-group alignfull has-base-2-background-color has-background has-global-padding is-layout-constrained wp-container-core-group-is-layout-dd610511 wp-block-group-is-layout-constrained\" style=\"margin-top:0;margin-bottom:0;padding-top:var(--wp--preset--spacing--50);padding-right:var(--wp--preset--spacing--10);padding-bottom:var(--wp--preset--spacing--50);padding-left:var(--wp--preset--spacing--10)\">\n<div class=\"wp-block-group has-global-padding is-layout-constrained wp-container-core-group-is-layout-e555385e wp-block-group-is-layout-constrained\">\n<div class=\"wp-block-cover\" style=\"min-height:99px;aspect-ratio:unset;\"><span aria-hidden=\"true\" class=\"wp-block-cover__background has-background-dim\"><\/span><img loading=\"lazy\" decoding=\"async\" width=\"2560\" height=\"1701\" class=\"wp-block-cover__image-background wp-image-718\" alt=\"\" src=\"https:\/\/nicolasduclos.fr\/WordPress3\/wp-content\/uploads\/2023\/12\/DSC02874-ciel-nb-scaled.jpg\" style=\"object-position:65% 41%\" data-object-fit=\"cover\" data-object-position=\"65% 41%\" srcset=\"https:\/\/nicolasduclos.fr\/WordPress3\/wp-content\/uploads\/2023\/12\/DSC02874-ciel-nb-scaled.jpg 2560w, https:\/\/nicolasduclos.fr\/WordPress3\/wp-content\/uploads\/2023\/12\/DSC02874-ciel-nb-300x199.jpg 300w, https:\/\/nicolasduclos.fr\/WordPress3\/wp-content\/uploads\/2023\/12\/DSC02874-ciel-nb-1024x680.jpg 1024w, https:\/\/nicolasduclos.fr\/WordPress3\/wp-content\/uploads\/2023\/12\/DSC02874-ciel-nb-768x510.jpg 768w, https:\/\/nicolasduclos.fr\/WordPress3\/wp-content\/uploads\/2023\/12\/DSC02874-ciel-nb-1536x1021.jpg 1536w, https:\/\/nicolasduclos.fr\/WordPress3\/wp-content\/uploads\/2023\/12\/DSC02874-ciel-nb-2048x1361.jpg 2048w\" sizes=\"auto, (max-width: 2560px) 100vw, 2560px\" \/><div class=\"wp-block-cover__inner-container has-global-padding is-layout-constrained wp-block-cover-is-layout-constrained\">\n<p class=\"has-text-align-center has-large-font-size\">A propos d&rsquo;Aujourd&rsquo;hui (chansons de Nicolas Duclos)<\/p>\n<\/div><\/div>\n\n\n\n<div class=\"wp-block-group has-global-padding is-layout-constrained wp-block-group-is-layout-constrained\">\n<div class=\"wp-block-group has-global-padding is-layout-constrained wp-block-group-is-layout-constrained\">\n<div style=\"height:18px\" aria-hidden=\"true\" class=\"wp-block-spacer\"><\/div>\n\n\n\n<div class=\"wp-block-group has-global-padding is-layout-constrained wp-block-group-is-layout-constrained\">\n<h4 class=\"wp-block-heading has-text-align-center is-style-asterisk\">Michel Kemper (Nos Enchanteurs)<\/h4>\n<\/div>\n<\/div>\n\n\n\n<div class=\"wp-block-group has-global-padding is-layout-constrained wp-block-group-is-layout-constrained\">\n<div class=\"wp-block-group has-global-padding is-layout-constrained wp-block-group-is-layout-constrained\">\n<p class=\"has-text-align-center\">Troisi\u00e8me album pour Nicolas Duclos et pas un article \u00e0 ce jour sur&nbsp;<em>NosEnchanteurs.<\/em>&nbsp;Erreur&nbsp;<em>Aujourd\u2019hui&nbsp;<\/em>r\u00e9par\u00e9e. D\u00e8s le disque pos\u00e9 sur la platine, la vie s\u2019en \u00e9chappe, d\u2019une voix claire, ferme, d\u2019embl\u00e9e sympathique. On sait qu\u2019on ira au bout de l\u2019album, des treize titres qui le composent. C\u2019est un enregistrement public (tiens, singulier artiste que celui-ci, qui n\u2019\u00e9crit pas \u00ab&nbsp;live&nbsp;\u00bb sur la pochette) au Forum L\u00e9o-Ferr\u00e9, captation en mai 2017 (sortie de l\u2019album en avril 2018). Un piano-voix en solo, par trois fois distrait par l\u2019accord\u00e9on de L\u00e9o Varnet.<\/p>\n\n\n\n<p><\/p>\n\n\n\n<p class=\"has-text-align-center\"><strong>La vie s\u2019en \u00e9chappe, d\u2019une voix claire, ferme, d\u2019embl\u00e9e sympathique (\u2026).<\/strong>&nbsp; Quand je dis la vie, c\u2019est toute la vie.&nbsp;<em>\u00ab&nbsp;Et la vie est immense \/ Elle coule \u00e0 chaque instant \/ Comme un courant intense \/ Qui s\u2019en va de l\u2019avant&nbsp;\u00bb<\/em>. <\/p>\n\n\n\n<p><\/p>\n\n\n\n<p class=\"has-text-align-center\"><strong>Petits et grands \u00e9v\u00e9nements de la vie, toute la vie, du personnel qui rejoint l\u2019universel, l\u2019angoisse qui passe, le monde qui est \u00e0 cran, l\u2019id\u00e9e m\u00eame de libert\u00e9 qui se referme comme une huitre, la fin de l\u2019innocence politique<\/strong> (<em>\u00ab On d\u00e9chante, cherchant l\u2019\u00e9toile manquante \u00bb<\/em>), l\u2019amour aussi\u2026<\/p>\n\n\n\n<p><\/p>\n\n\n\n<p class=\"has-text-align-center\"><strong>Des chansons toutes redoutablement bien \u00e9crites, bien men\u00e9es, bien interpr\u00e9t\u00e9es<\/strong>. Inqui\u00e9tantes souvent. Comme&nbsp;<em>Le loup solitaire<\/em>, au d\u00e9sir de tout faire sauter, qui se tient pr\u00eat&nbsp;:&nbsp;<em>\u00ab&nbsp;Et j\u2019assemble patiemment \/ El\u00e9ment par \u00e9l\u00e9ment \/ Un plan pour tout faire sauter \/ Le jour o\u00f9 je l\u2019aurai d\u00e9cid\u00e9&nbsp;\u00bb.<\/em>&nbsp;Froid dans le do, sang sur le sol.<\/p>\n\n\n\n<p><\/p>\n<\/div>\n\n\n\n<p class=\"has-text-align-center\">La vie, la mort et tout le bazar. Comme ce drame parce que, peine d\u2019argent ou dettes de c\u0153ur, il n\u2019y a pas d\u2019issue et qu\u2019il faut en finir&nbsp;:&nbsp;<em>\u00ab&nbsp;17 h 27 o\u00f9 tu as d\u00e9cid\u00e9 qu\u2019il fallait que tu te jettes sous la rame bond\u00e9e&nbsp;\u00bb<\/em>. Bout du quai, bout de la vie\u2026 On n\u2019ose dire que cette chanson vous happe.<\/p>\n\n\n\n<p><\/p>\n\n\n\n<p class=\"has-text-align-center\">\u00c7a, et le d\u00e9but de la fin (<em>La derni\u00e8re chanson<\/em>)&nbsp;<em>\u00ab&nbsp;en attendant le pire&nbsp;\u00bb<\/em>,&nbsp;<em>\u00ab&nbsp;la prochaine glaciation&nbsp;\u00bb<\/em>&nbsp;: le propos de Duclos est apocalyptique mais sent le vrai, le vrai de bient\u00f4t, d\u2019apr\u00e8s.<\/p>\n\n\n\n<p class=\"has-text-align-center\">Chaque fois, l\u2019interpr\u00e9tation de Duclos prend la n\u00e9cessaire distance avec le sujet, non comme une froideur bien au contraire&nbsp;: m\u00eame si le propos jette un froid, la voix est chaude, autre choc climatique. Vous n\u2019\u00e9couterez pas Duclos innocemment, comme une quelconque vari\u00e9t\u00e9, une musique de supermarch\u00e9. Duclos, c\u2019est l\u2019envers d\u2019un smile, c\u2019est ce qu\u2019on aimerait vous cacher, sans plus de cruaut\u00e9 que ce qu\u2019est la vie en vrai. Simplement sans fard, sans trop d\u2019illusions.<\/p>\n\n\n\n<p><\/p>\n\n\n\n<p class=\"has-text-align-center\"><strong>Si vous aimez la chanson, gagnez Nicolas Duclos \u00e0 vos favoris<\/strong>&nbsp;: malgr\u00e9 tout ce que viens de vous en dire, son art est agr\u00e9able commerce, un peu grin\u00e7ant mais souriant&nbsp;: le chaud et l\u2019effroi \u00e0 la fois.<\/p>\n\n\n\n<div class=\"wp-block-group has-global-padding is-layout-constrained wp-block-group-is-layout-constrained\">\n<p><\/p>\n\n\n\n<p class=\"has-text-align-center\"><a href=\"http:\/\/www.nosenchanteurs.eu\/index.php\/2019\/01\/21\/nicolas-duclos-a-huis-clos\/\">http:\/\/www.nosenchanteurs.eu\/index.php\/2019\/01\/21\/nicolas-duclos-a-huis-clos\/<\/a><\/p>\n<\/div>\n<\/div>\n\n\n\n<div style=\"height:18px\" aria-hidden=\"true\" class=\"wp-block-spacer\"><\/div>\n<\/div>\n\n\n\n<div class=\"wp-block-group has-global-padding is-layout-constrained wp-block-group-is-layout-constrained\">\n<div class=\"wp-block-group has-global-padding is-layout-constrained wp-block-group-is-layout-constrained\">\n<div style=\"height:18px\" aria-hidden=\"true\" class=\"wp-block-spacer\"><\/div>\n\n\n\n<div class=\"wp-block-group has-global-padding is-layout-constrained wp-block-group-is-layout-constrained\">\n<h4 class=\"wp-block-heading has-text-align-center is-style-asterisk\">L\u2019ENDROIT, Po\u00e8mes, Chansons, Peintures \u00e0 Mareuil-sur-Arnon pr\u00e8s de Vierzon<\/h4>\n\n\n\n<p class=\"has-text-align-center\">Incroyable Nicolas DUCLOS, quelle d\u00e9couverte pour le public de L&rsquo;ENDROIT: \u00e7a part dans tous les sens, \u00e7a fuse, de bonne humeur, d&rsquo;humour mais aussi de profondeur, de nostalgie\u2026 th\u00e8mes vari\u00e9s et sens\u00e9s. Des notes, des mots, les oreilles n&rsquo;ont qu&rsquo;\u00e0 s&rsquo;accrocher\u2026 artiste touchant, parfois sur le fil mais le talent n&rsquo;est-il pas d&rsquo;y \u00eatre souvent sans jamais tomber? \u2026 Merci mille fois et \u00e0 bient\u00f4t!<\/p>\n\n\n\n<p><\/p>\n<\/div>\n<\/div>\n\n\n\n<div style=\"height:18px\" aria-hidden=\"true\" class=\"wp-block-spacer\"><\/div>\n<\/div>\n\n\n\n<div class=\"wp-block-group has-global-padding is-layout-constrained wp-block-group-is-layout-constrained\">\n<div class=\"wp-block-group has-global-padding is-layout-constrained wp-block-group-is-layout-constrained\">\n<div style=\"height:18px\" aria-hidden=\"true\" class=\"wp-block-spacer\"><\/div>\n\n\n\n<div class=\"wp-block-group has-global-padding is-layout-constrained wp-block-group-is-layout-constrained\">\n<h4 class=\"wp-block-heading has-text-align-center is-style-asterisk\">Eric NADOT (Tranches de sc\u00e8nes et quichantecesoir.com)<\/h4>\n\n\n\n<p class=\"has-text-align-center\">Ce que tu fais ne ressemble \u00e0 rien\u2026d&rsquo;autre&nbsp;&nbsp;et c&rsquo;est ce que j&rsquo;attends d&rsquo;un artiste, qu&rsquo;il me propose d&rsquo;autres chemins.<\/p>\n<\/div>\n<\/div>\n\n\n\n<div style=\"height:18px\" aria-hidden=\"true\" class=\"wp-block-spacer\"><\/div>\n<\/div>\n\n\n\n<div class=\"wp-block-group has-global-padding is-layout-constrained wp-block-group-is-layout-constrained\">\n<div style=\"height:18px\" aria-hidden=\"true\" class=\"wp-block-spacer\"><\/div>\n<\/div>\n<\/div>\n<\/div>\n<\/div>\n<\/div>\n","protected":false},"excerpt":{"rendered":"<p>V\u00e9ronique Pestel (chanteuse, paroli\u00e8re et compositrice) Ouh tu m\u2019as donn\u00e9 le frisson avec ton g\u00e9ranium ! et je ne suis pas facile \u00e0 \u00e9mouvoir, contrairement \u00e0 ce qu\u2019on pourrait penser&#8230; [&hellip;]<\/p>\n","protected":false},"author":1,"featured_media":0,"parent":0,"menu_order":4,"comment_status":"closed","ping_status":"closed","template":"","meta":{"_EventAllDay":false,"_EventTimezone":"","_EventStartDate":"","_EventEndDate":"","_EventStartDateUTC":"","_EventEndDateUTC":"","_EventShowMap":false,"_EventShowMapLink":false,"_EventURL":"","_EventCost":"","_EventCostDescription":"","_EventCurrencySymbol":"","_EventCurrencyCode":"","_EventCurrencyPosition":"","_EventDateTimeSeparator":"","_EventTimeRangeSeparator":"","_EventOrganizerID":[],"_EventVenueID":[],"_OrganizerEmail":"","_OrganizerPhone":"","_OrganizerWebsite":"","_VenueAddress":"","_VenueCity":"","_VenueCountry":"","_VenueProvince":"","_VenueState":"","_VenueZip":"","_VenuePhone":"","_VenueURL":"","_VenueStateProvince":"","_VenueLat":"","_VenueLng":"","_VenueShowMap":false,"_VenueShowMapLink":false,"footnotes":""},"class_list":["post-746","page","type-page","status-publish","hentry"],"_links":{"self":[{"href":"https:\/\/nicolasduclos.fr\/WordPress3\/wp-json\/wp\/v2\/pages\/746","targetHints":{"allow":["GET"]}}],"collection":[{"href":"https:\/\/nicolasduclos.fr\/WordPress3\/wp-json\/wp\/v2\/pages"}],"about":[{"href":"https:\/\/nicolasduclos.fr\/WordPress3\/wp-json\/wp\/v2\/types\/page"}],"author":[{"embeddable":true,"href":"https:\/\/nicolasduclos.fr\/WordPress3\/wp-json\/wp\/v2\/users\/1"}],"replies":[{"embeddable":true,"href":"https:\/\/nicolasduclos.fr\/WordPress3\/wp-json\/wp\/v2\/comments?post=746"}],"version-history":[{"count":13,"href":"https:\/\/nicolasduclos.fr\/WordPress3\/wp-json\/wp\/v2\/pages\/746\/revisions"}],"predecessor-version":[{"id":816,"href":"https:\/\/nicolasduclos.fr\/WordPress3\/wp-json\/wp\/v2\/pages\/746\/revisions\/816"}],"wp:attachment":[{"href":"https:\/\/nicolasduclos.fr\/WordPress3\/wp-json\/wp\/v2\/media?parent=746"}],"curies":[{"name":"wp","href":"https:\/\/api.w.org\/{rel}","templated":true}]}}